{"id":37,"date":"2014-09-22T11:44:45","date_gmt":"2014-09-22T11:44:45","guid":{"rendered":"http:\/\/petsitterwp.dan-fisher.com\/?page_id=37"},"modified":"2024-10-26T14:33:31","modified_gmt":"2024-10-26T12:33:31","slug":"home","status":"publish","type":"page","link":"https:\/\/www.rakkers.org\/de\/","title":{"rendered":"Home"},"content":{"rendered":"<div class=\"row\">\n<div class=\"col-md-4 \">\n<div class=\"icon-box icon-box-color__primary circled no boxed\"><div class=\"icon\"><a href=\"https:\/\/www.rakkers.org\/de\/interaktiv\/artikelwuensche\/\"><i class=\"fa fa-pencil\"><\/i><\/a><\/div><div class=\"icon-box-body\"><h3><a href=\"https:\/\/www.rakkers.org\/de\/interaktiv\/artikelwuensche\/\">Artikelw\u00fcnsche<\/a><\/h3>Du m\u00f6chtest dass ich \u00fcber ein bestimmtes Thema schreibe? Sende deinen Artikelvorschlag ein!<\/div><div class=\"clearfix\"><\/div><\/div>\n<\/div>\n<div class=\"col-md-4 \">\n<div class=\"icon-box icon-box-color__secondary circled no boxed\"><div class=\"icon\"><a href=\"https:\/\/www.rakkers.org\/de\/interaktiv\/fragen-und-antworten\/\"><i class=\"fa fa-envelope\"><\/i><\/a><\/div><div class=\"icon-box-body\"><h3><a href=\"https:\/\/www.rakkers.org\/de\/interaktiv\/fragen-und-antworten\/\">Fragen &amp; Antworten<\/a><\/h3>Du hast eine Frage an mich? Schreib mir einfach eine Mail oder stelle die Frage in diesem Thread.<\/div><div class=\"clearfix\"><\/div><\/div>\n<\/div>\n<div class=\"col-md-4 \">\n<div class=\"icon-box icon-box-color__tertiary circled no boxed\"><div class=\"icon\"><i class=\"fa fa-thumbs-o-up\"><\/i><\/div><div class=\"icon-box-body\"><h3>Mein Versprechen<\/h3>Alles was Daddy hier empfiehlt hat er selbst ausprobiert und \/ oder nach bestem  Gewissen recherchiert.<\/div><div class=\"clearfix\"><\/div><\/div>\n<\/div>\n<\/div>\n<div class=\"spacer spacer-sm \"><\/div>\n<div class=\"row\">\n<div class=\"col-md-10 col-md-offset-1\">\n<section class=\"call-to-action centered no no cta__overlay-opacity-25 call-to-action__no-bg cta-overlay-color__dark\" ><div class=\"cta-inner\"><div class=\"cta-txt\"><h1>Willkommen bei de Rakkers!<\/h1><p>Hier schreibt der Papa der Rakkers und ich verfasse diesen Blog als frischgebackener Daddy. In meine Rolle als Vater wachse ich gerade hinein und m\u00f6chte euch gerne an meinen Erfahrungen teilhaben lassen. Ich freue mich auf eure Zuschriften und hoffe das ein reger Austausch \u00fcber die Kommentarfunktion stattfindet.<\/p>\n<p>Euer Feedback interessiert mich n\u00e4mlich. Teilt mir bitte immer mit wenn euch etwas nicht gefallen hat, ich eurer Meinung nach etwas anders machen soll und nat\u00fcrlich gerne auch wenn euch ein Artikel oder mein Blog gef\u00e4llt.<\/p>\n<p>Eure Meinung ist mir wichtig!<\/p><\/div><div class=\"cta-btn\"><a href=\"http:\/\/www.rakkers.org\/de\/blog\/\" class=\"btn btn-lg btn-primary\">Zum Blog!<\/a><\/div><\/div><\/section>\n<\/div>\n<\/div>\n<div class=\"spacer spacer-sm \"><\/div>\n<hr class=\"hr__thin hr__margin-lg\">\n<div class=\"row\">\n<div class=\"col-md-6 \">\n<h2>Was los lan?<\/h2>\n<div data-animation=\"fadeInRight\" data-animation-delay=\"0\">\n<div class=\"icon-box icon-box-color__primary circled no no\"><div class=\"icon\"><i class=\"fa fa-search\"><\/i><\/div><div class=\"icon-box-body\"><h3>Wozu der Blog?<\/h3>Neben den ganzen Mamiseiten dachte ich, es w\u00e4re toll wenn es einen Blog g\u00e4be, auf dem neben Frauen auch M\u00e4nner das finden, wonach Sie suchen! Ein Babyblog f\u00fcr M\u00e4nner eben.<\/div><div class=\"clearfix\"><\/div><\/div>\n<\/div>\n<div data-animation=\"fadeInRight\" data-animation-delay=\"200\">\n<div class=\"icon-box icon-box-color__primary circled no no\"><div class=\"icon\"><i class=\"fa fa-user\"><\/i><\/div><div class=\"icon-box-body\"><h3>Who's your Daddy?<\/h3>Ich der Papa Rakker, ein frischgebackener Vater der gerne grillt, Bockw\u00fcrstchen isst, bastelt und repariert.<\/div><div class=\"clearfix\"><\/div><\/div>\n<\/div>\n<div data-animation=\"fadeInRight\" data-animation-delay=\"400\">\n<div class=\"icon-box icon-box-color__primary circled no no\"><div class=\"icon\"><i class=\"fa fa-check\"><\/i><\/div><div class=\"icon-box-body\"><h3>Qualit\u00e4t<\/h3>Ich mag nicht der erfahrenste Vater sein, daf\u00fcr kann ich gut recherchieren und mir ein eigenes Bild machen. Ich hoffe meine Texte sparen anderen Eltern die lange Recherche!<\/div><div class=\"clearfix\"><\/div><\/div>\n<\/div>\n<div class=\"spacer spacer-xs \"><\/div>\n<div data-animation=\"fadeIn\" data-animation-delay=\"0\">\n<a href=\"blog\/\" title=\"Zum Blog\" class=\"btn btn-normal btn-primary\" target=\"_self\"><i class=\"fa fa-arrow-circle-o-right\"><\/i>Zum Blog<\/a>\n<\/div>\n<\/div>\n<div class=\"col-md-6 \">\n<h2>Interaktiv<\/h2>\n<div data-animation=\"fadeInLeft\" data-animation-delay=\"0\">\n<div class=\"icon-box icon-box-color__secondary circled no no\"><div class=\"icon\"><i class=\"fa fa-sign-in\"><\/i><\/div><div class=\"icon-box-body\"><h3>Sag Deine Meinung<\/h3>Ich m\u00f6chte wissen wie Du \u00fcber die Themen denkst. Als frischgebackener Vater bin ich mir oft noch unsicher!  Deine Meinung interessiert mich deshalb sehr!<\/div><div class=\"clearfix\"><\/div><\/div>\n<\/div>\n<div data-animation=\"fadeInLeft\" data-animation-delay=\"200\">\n<div class=\"icon-box icon-box-color__secondary circled no no\"><div class=\"icon\"><i class=\"fa fa-pencil\"><\/i><\/div><div class=\"icon-box-body\"><h3>Schreibe f\u00fcr uns<\/h3>Du kannst auf unserem Babyblog Gastartikel, also deine eigenen Artikel ver\u00f6ffentlichen. Daf\u00fcr erh\u00e4lst Du eine eigene Autorenseite und deine Beitr\u00e4ge sind dann auf rakkers.org sichtbar!<\/div><div class=\"clearfix\"><\/div><\/div>\n<\/div>\n<div data-animation=\"fadeInLeft\" data-animation-delay=\"400\">\n<div class=\"icon-box icon-box-color__secondary circled no no\"><div class=\"icon\"><i class=\"fa fa-child\"><\/i><\/div><div class=\"icon-box-body\"><h3>Steh auf<\/h3>Wenn dich irgendwas st\u00f6rt, dich jemand in den Kommentaren beleidigt hat oder du einfach nur deine Kritik loswerden m\u00f6chtest - Halte Sie nicht hinterm Berg. Kritik ist willkommen!<\/div><div class=\"clearfix\"><\/div><\/div>\n<\/div>\n<div class=\"spacer spacer-xs \"><\/div>\n<div data-animation=\"fadeIn\" data-animation-delay=\"0\">\n<p style=\"text-align: left;\"><a href=\"blog\/\" title=\"Zum Blog\" class=\"btn btn-normal btn-secondary\" target=\"_self\"><i class=\"fa fa-arrow-circle-o-right\"><\/i>Zum Blog<\/a>\n<\/div>\n<\/div>\n<\/div>\n<div class=\"section section-light  section-overlay__yes section-overlay-color__dark section-overlay-opacity-50\" style=\"background-image:url(https:\/\/www.rakkers.org\/de\/wp-content\/uploads\/2015\/08\/slide1.jpg); background-repeat: no-repeat; background-position: 50% 0; background-attachment: fixed; background-size: cover;\" data-stellar-background-ratio=\"0.5\"><div class=\"section-inner\">\n<p>Oh mein Gott, Du hast echt gute Augen! Das Passwort f\u00fcr den gesch\u00fctzten geheimen Mitgliedsbereich des Baby Blogs lautet: Adlerauge. Klicke oben rechts auf das Schlossymbol um dich in die Highscore Liste, unserer Hall of Fame aller Adleraugen, einzutragen.<\/p>\n<\/div><\/div>\n<h2>Aktuelle Beitr\u00e4ge<\/h2>\n<div class=\"row posts-list\"><div class=\"col-md-3 item\"><figure class=\"entry-thumb thumb__rollover\"><a href=\"https:\/\/www.rakkers.org\/de\/reparaturen\/akkutausch-mpj-benma-amp-ovker-solarlampe-ersatzakku-fur-aussen-56-leds-geht-nicht-mehr-an-anleitung-zum-einfach-reparieren\/\" title=\"Akkutausch: MPJ, BENMA &amp; Ovker Solarlampe Ersatzakku &#8211; f\u00fcr Au\u00dfen, 56 LEDs geht nicht mehr an &#8211; Anleitung zum einfach reparieren\"><img decoding=\"async\" src=\"https:\/\/www.rakkers.org\/de\/wp-content\/uploads\/2021\/09\/rakkers-tutorial-560x400.jpg\" alt=\"\" class=\"alignnone\"><\/a><\/figure><span class=\"date\">20. Mai 2024<\/span><h5 class=\"post-title\"><a href=\"https:\/\/www.rakkers.org\/de\/reparaturen\/akkutausch-mpj-benma-amp-ovker-solarlampe-ersatzakku-fur-aussen-56-leds-geht-nicht-mehr-an-anleitung-zum-einfach-reparieren\/\" title=\"Akkutausch: MPJ, BENMA &amp; Ovker Solarlampe Ersatzakku &#8211; f\u00fcr Au\u00dfen, 56 LEDs geht nicht mehr an &#8211; Anleitung zum einfach reparieren\">Akkutausch: MPJ, BENMA &amp; Ovker Solarlampe Ersatzakku &#8211; f\u00fcr Au\u00dfen, 56 LEDs geht nicht mehr an &#8211; Anleitung zum einfach reparieren<\/a><\/h3><div class=\"post-excerpt\"><p>Die Solarleuchte von Ovker, MPJ oder Benma geht nicht mehr an. Meistens ist es derselbe Fehler. Die Solarlampen leuchten nicht mehr,... <\/p><\/div><footer class=\"post-footer\"><a href=\"https:\/\/www.rakkers.org\/de\/reparaturen\/akkutausch-mpj-benma-amp-ovker-solarlampe-ersatzakku-fur-aussen-56-leds-geht-nicht-mehr-an-anleitung-zum-einfach-reparieren\/\" class=\"btn btn-primary\">Anschauen<i class=\"fa fa-arrow-circle-o-right fa-right\"><\/i><\/a><\/footer><\/div><div class=\"col-md-3 item\"><figure class=\"entry-thumb thumb__rollover\"><a href=\"https:\/\/www.rakkers.org\/de\/ernaehrung\/intervallfasten\/intervallfasten-fuer-kinder-und-jugendliche\/\" title=\"Intervallfasten f\u00fcr Kinder und Jugendliche\"><img decoding=\"async\" src=\"https:\/\/www.rakkers.org\/de\/wp-content\/uploads\/2024\/05\/intervallfasten-uhrzeit-kinder-und-jugendliche-schaedlich-oder-nicht-1-560x420.jpg\" alt=\"\" class=\"alignnone\"><\/a><\/figure><span class=\"date\">15. Mai 2024<\/span><h5 class=\"post-title\"><a href=\"https:\/\/www.rakkers.org\/de\/ernaehrung\/intervallfasten\/intervallfasten-fuer-kinder-und-jugendliche\/\" title=\"Intervallfasten f\u00fcr Kinder und Jugendliche\">Intervallfasten f\u00fcr Kinder und Jugendliche<\/a><\/h3><div class=\"post-excerpt\"><p>Viele deutsche Medien und auch einige Stimmen in sozialen Netzwerken, Frage-und-Antwort Portalen oder Foren raten vom Intervallfasten f\u00fcr Kinder ab. Dabei... <\/p><\/div><footer class=\"post-footer\"><a href=\"https:\/\/www.rakkers.org\/de\/ernaehrung\/intervallfasten\/intervallfasten-fuer-kinder-und-jugendliche\/\" class=\"btn btn-primary\">Anschauen<i class=\"fa fa-arrow-circle-o-right fa-right\"><\/i><\/a><\/footer><\/div><div class=\"col-md-3 item\"><figure class=\"entry-thumb thumb__rollover\"><a href=\"https:\/\/www.rakkers.org\/de\/allgemein\/mustervorlage-klageeinreichung-sorgerechtsklage-gemeinsames-sorgerecht-einklagen-muster-direkt-herunterladen-sorgerechtserklaerung-auf-dem-klageweg\/\" title=\"Mustervorlage: Klageeinreichung Sorgerechtsklage &#8211; gemeinsames Sorgerecht einklagen &#8211; Muster direkt herunterladen &#8211; Sorgerechtserkl\u00e4rung auf dem Klageweg\"><img decoding=\"async\" src=\"https:\/\/www.rakkers.org\/de\/wp-content\/uploads\/2024\/04\/sorgerecht-erstreiten-klageweg-sorgerechtsklage-familiengericht-muster.png\" alt=\"\" class=\"alignnone\"><\/a><\/figure><span class=\"date\">22. April 2024<\/span><h5 class=\"post-title\"><a href=\"https:\/\/www.rakkers.org\/de\/allgemein\/mustervorlage-klageeinreichung-sorgerechtsklage-gemeinsames-sorgerecht-einklagen-muster-direkt-herunterladen-sorgerechtserklaerung-auf-dem-klageweg\/\" title=\"Mustervorlage: Klageeinreichung Sorgerechtsklage &#8211; gemeinsames Sorgerecht einklagen &#8211; Muster direkt herunterladen &#8211; Sorgerechtserkl\u00e4rung auf dem Klageweg\">Mustervorlage: Klageeinreichung Sorgerechtsklage &#8211; gemeinsames Sorgerecht einklagen &#8211; Muster direkt herunterladen &#8211; Sorgerechtserkl\u00e4rung auf dem Klageweg<\/a><\/h3><div class=\"post-excerpt\"><p>Im Rahmen meiner Mustervorlagen Reihe habe ich hier f\u00fcr euch ein Muster f\u00fcr die Antragstellung zur Erteilung der gemeinsamen elterlichen Sorge... <\/p><\/div><footer class=\"post-footer\"><a href=\"https:\/\/www.rakkers.org\/de\/allgemein\/mustervorlage-klageeinreichung-sorgerechtsklage-gemeinsames-sorgerecht-einklagen-muster-direkt-herunterladen-sorgerechtserklaerung-auf-dem-klageweg\/\" class=\"btn btn-primary\">Anschauen<i class=\"fa fa-arrow-circle-o-right fa-right\"><\/i><\/a><\/footer><\/div><div class=\"col-md-3 item\"><figure class=\"entry-thumb thumb__rollover\"><a href=\"https:\/\/www.rakkers.org\/de\/ratgeber\/checkliste-geburt-eines-kindes-fuer-unverheiratete-vaeter-sorgerecht-vaterschaft-anerkennung-sorgerechtsverfuegung-co\/\" title=\"Checkliste: Geburt eines Kindes f\u00fcr unverheiratete V\u00e4ter (Sorgerecht, Vaterschaft anerkennung, Sorgerechtsverf\u00fcgung &amp; Co.)\"><img decoding=\"async\" src=\"https:\/\/www.rakkers.org\/de\/wp-content\/uploads\/2024\/04\/Checkliste-fuer-unverheiratete-Vaeter-Sorgerecht-Vaterschaft-anerkennung-Sorgerechtsverfuegung-Co-560x420.png\" alt=\"\" class=\"alignnone\"><\/a><\/figure><span class=\"date\">22. April 2024<\/span><h5 class=\"post-title\"><a href=\"https:\/\/www.rakkers.org\/de\/ratgeber\/checkliste-geburt-eines-kindes-fuer-unverheiratete-vaeter-sorgerecht-vaterschaft-anerkennung-sorgerechtsverfuegung-co\/\" title=\"Checkliste: Geburt eines Kindes f\u00fcr unverheiratete V\u00e4ter (Sorgerecht, Vaterschaft anerkennung, Sorgerechtsverf\u00fcgung &amp; Co.)\">Checkliste: Geburt eines Kindes f\u00fcr unverheiratete V\u00e4ter (Sorgerecht, Vaterschaft anerkennung, Sorgerechtsverf\u00fcgung &amp; Co.)<\/a><\/h3><div class=\"post-excerpt\"><p>Die Geburt eines Kindes f\u00fcr unverheiratete V\u00e4ter bietet eine Reihe von rechtlichen Risiken und Fallstricken f\u00fcr Kind und Vater. Lest bitte... <\/p><\/div><footer class=\"post-footer\"><a href=\"https:\/\/www.rakkers.org\/de\/ratgeber\/checkliste-geburt-eines-kindes-fuer-unverheiratete-vaeter-sorgerecht-vaterschaft-anerkennung-sorgerechtsverfuegung-co\/\" class=\"btn btn-primary\">Anschauen<i class=\"fa fa-arrow-circle-o-right fa-right\"><\/i><\/a><\/footer><\/div><\/div>\n<hr class=\"hr__bold hr__margin-lg\">\n<p><a href=\"\/\/www.rakkers.org\/de\/blog\/\">Gesamte Blogbeitr\u00e4ge anzeigen<\/a> -&gt;<\/p>\n<h2>Unsere Freunde<\/h2>\n<div class=\"partners-list partners-list__cols6\">\n<div class=\"partners-item hovered-img\"> <a title=\"Bloggerei.de\" href=\"https:\/\/www.bloggerei.de\/\"><img decoding=\"async\" class=\"alignnone\" style=\"border: 0;\" src=\"https:\/\/www.bloggerei.de\/bgpublicon.jpg\" alt=\"Blogverzeichnis - Bloggerei.de\" \/><\/a> <\/div>\n<div class=\"partners-item hovered-img\"> <a href=\"https:\/\/www.topblogs.de\/\"><img decoding=\"async\" class=\"alignnone&quot;\" src=\"https:\/\/www.topblogs.de\/tracker.php?do=in&amp;id=35268\" alt=\"TopBlogs.de das Original - Blogverzeichnis | Blog Top Liste\" border=\"0\" \/><\/a> <\/div>\n<div class=\"partners-item hovered-img\"> <a href=\"http:\/\/www.blogwolke.de\" target=\"_blank\" rel=\"noopener noreferrer\"><img decoding=\"async\" class=\"alignnone\" src=\"http:\/\/api.blogwolke.de\/publicon.php?u=http:\/\/www.rakkers.org&amp;c=Internetblogs\" alt=\"\" border=\"0\" \/><\/a> <\/div>\n<div class=\"partners-item hovered-img\"> <a href=\"#\"><img decoding=\"async\" class=\"alignnone\" src=\"https:\/\/www.rakkers.org\/de\/wp-content\/uploads\/2015\/08\/partner-logo4.png\" alt=\"partner-logo1\" \/><\/a> <\/div>\n<div class=\"partners-item hovered-img\"> <a href=\"#\"><img decoding=\"async\" class=\"alignnone\" src=\"https:\/\/www.rakkers.org\/de\/wp-content\/uploads\/2015\/08\/partner-logo5.png\" alt=\"partner-logo1\" \/><\/a> <\/div>\n<div class=\"partners-item hovered-img\"> <a href=\"#\"><img decoding=\"async\" class=\"alignnone\" src=\"https:\/\/www.rakkers.org\/de\/wp-content\/uploads\/2015\/08\/partner-logo6.png\" alt=\"partner-logo1\" \/><\/a> <\/div>\n<\/div>\n<div class=\"section section-light  section-overlay__yes section-overlay-color__dark section-overlay-opacity-50\" style=\"background-image:url(https:\/\/www.rakkers.org\/de\/wp-content\/uploads\/2015\/08\/slide1.jpg); background-repeat: no-repeat; background-position: 50% 0; background-attachment: fixed; background-size: cover;\" data-stellar-background-ratio=\"0.5\"><div class=\"section-inner\">\n<p>Der Baby Blog f\u00fcr frisch gebackene V\u00e4ter und alle die es noch werden wollen. Auf meinen Blogseiten schreibe ich \u00fcber die wirklich notwendige Erstausstattung f\u00fcr Babies, was man braucht und was nicht. Ich schreibe \u00fcber unsere Erfahrungen mit Stoffwindeln, den ersten Krankheiten und vielem mehr.<\/p>\n<\/div><\/div>\n","protected":false},"excerpt":{"rendered":"<p>Aktuelle Beitr\u00e4ge Gesamte Blogbeitr\u00e4ge anzeigen -&gt; Unsere Freunde<\/p>\n","protected":false},"author":1,"featured_media":0,"parent":0,"menu_order":0,"comment_status":"open","ping_status":"open","template":"page-fullwidth.php","meta":{"footnotes":""},"_links":{"self":[{"href":"https:\/\/www.rakkers.org\/de\/wp-json\/wp\/v2\/pages\/37"}],"collection":[{"href":"https:\/\/www.rakkers.org\/de\/wp-json\/wp\/v2\/pages"}],"about":[{"href":"https:\/\/www.rakkers.org\/de\/wp-json\/wp\/v2\/types\/page"}],"author":[{"embeddable":true,"href":"https:\/\/www.rakkers.org\/de\/wp-json\/wp\/v2\/users\/1"}],"replies":[{"embeddable":true,"href":"https:\/\/www.rakkers.org\/de\/wp-json\/wp\/v2\/comments?post=37"}],"version-history":[{"count":65,"href":"https:\/\/www.rakkers.org\/de\/wp-json\/wp\/v2\/pages\/37\/revisions"}],"predecessor-version":[{"id":3483,"href":"https:\/\/www.rakkers.org\/de\/wp-json\/wp\/v2\/pages\/37\/revisions\/3483"}],"wp:attachment":[{"href":"https:\/\/www.rakkers.org\/de\/wp-json\/wp\/v2\/media?parent=37"}],"curies":[{"name":"wp","href":"https:\/\/api.w.org\/{rel}","templated":true}]}}